{"id":5594,"date":"2026-03-19T07:26:26","date_gmt":"2026-03-19T07:26:26","guid":{"rendered":"https:\/\/szakmaihet.etszk.u-szeged.hu\/?page_id=5594"},"modified":"2026-08-04T05:31:35","modified_gmt":"2026-08-04T05:31:35","slug":"vitaest-az-un-szivhangrendeletrol-az-emberi-elet-erkolcsi-ertekessegenek-kerdesei","status":"publish","type":"page","link":"https:\/\/szakmaihet.etszk.u-szeged.hu\/index.php\/vitaest-az-un-szivhangrendeletrol-az-emberi-elet-erkolcsi-ertekessegenek-kerdesei\/","title":{"rendered":"Vitaest az \u00fan. \u201esz\u00edvhangrendeletr\u0151l\u201d \u2013 Az emberi \u00e9let erk\u00f6lcsi \u00e9rt\u00e9kess\u00e9g\u00e9nek k\u00e9rd\u00e9sei"},"content":{"rendered":"\n<p>Az abortusz megengedhet\u0151s\u00e9ge \u00e9s az ember mor\u00e1lis st\u00e1tusza r\u00e9g\u00f3ta k\u00f6zponti k\u00e9rd\u00e9s az orvosi etik\u00e1ban, mik\u00f6zben a nemzetk\u00f6zi diskurzus ma m\u00e1r egyre ink\u00e1bb az \u00faj reprodukci\u00f3s technol\u00f3gi\u00e1k dilemm\u00e1ira f\u00f3kusz\u00e1l. Magyarorsz\u00e1gon azonban tov\u00e1bbra is az abortusz etikai \u00e9s jogi k\u00e9rd\u00e9seinek \u00fajra\u00e9rt\u00e9kel\u00e9se \u00e1ll a figyelem k\u00f6z\u00e9ppontj\u00e1ban, k\u00fcl\u00f6n\u00f6sen a 2022-ben bevezetett szab\u00e1lyoz\u00e1s f\u00e9ny\u00e9ben, amely a nem orvosi okb\u00f3l k\u00e9rt terhess\u00e9gmegszak\u00edt\u00e1st a magzati sz\u00edvhang bemutat\u00e1s\u00e1hoz k\u00f6ti. A v\u00e1ltoztat\u00e1st nem el\u0151zte meg sz\u00e9les k\u00f6r\u0171 t\u00e1rsadalmi \u00e9s szakmai egyeztet\u00e9s, ez\u00e9rt a vitaest c\u00e9lja, hogy l\u00e1that\u00f3v\u00e1 tegye a t\u00e9m\u00e1hoz kapcsol\u00f3d\u00f3 etikai k\u00e9rd\u00e9seket, \u00e9s kultur\u00e1lt p\u00e1rbesz\u00e9det \u00f6szt\u00f6n\u00f6zz\u00f6n minden \u00e9rdekl\u0151d\u0151 sz\u00e1m\u00e1ra, el\u0151k\u00e9pzetts\u00e9gt\u0151l f\u00fcggetlen\u00fcl.<\/p>\n\n\n\n<p><br>El\u0151ad\u00f3: Dr. Tari Gergely R\u00f3bert<\/p>\n\n\n\n<p><br>Id\u0151pont: 2026. \u00e1prilis 13. h\u00e9tf\u0151, 18:00-19:30<br>Helysz\u00edn: 6726 Szeged, Temesv\u00e1ri krt. 31. ETSZK \u201eA\u201d \u00e9p\u00fclet<\/p>\n\n\n\n<h2>Regisztr\u00e1ci\u00f3:<\/h2>\n\n\n\n<div class=\"wp-block-contact-form-7-contact-form-selector\"><div role=\"form\" class=\"wpcf7\" id=\"wpcf7-f5604-o1\" lang=\"hu-HU\" dir=\"ltr\">\n<div class=\"screen-reader-response\"><p role=\"status\" aria-live=\"polite\" aria-atomic=\"true\"><\/p> <ul><\/ul><\/div>\n<form action=\"\/index.php\/wp-json\/wp\/v2\/pages\/5594#wpcf7-f5604-o1\" method=\"post\" class=\"wpcf7-form init\" novalidate=\"novalidate\" data-status=\"init\">\n<div style=\"display: none;\">\n<input type=\"hidden\" name=\"_wpcf7\" value=\"5604\" \/>\n<input type=\"hidden\" name=\"_wpcf7_version\" value=\"5.4.1\" \/>\n<input type=\"hidden\" name=\"_wpcf7_locale\" value=\"hu_HU\" \/>\n<input type=\"hidden\" name=\"_wpcf7_unit_tag\" value=\"wpcf7-f5604-o1\" \/>\n<input type=\"hidden\" name=\"_wpcf7_container_post\" value=\"0\" \/>\n<input type=\"hidden\" name=\"_wpcf7_posted_data_hash\" value=\"\" \/>\n<\/div>\n<p><label> N\u00e9v<br \/>\n    <span class=\"wpcf7-form-control-wrap your-name\"><input type=\"text\" name=\"your-name\" value=\"\" size=\"40\" class=\"wpcf7-form-control wpcf7-text wpcf7-validates-as-required\" aria-required=\"true\" aria-invalid=\"false\" \/><\/span> <\/label><\/p>\n<p><label> E-mail c\u00edm<br \/>\n    <span class=\"wpcf7-form-control-wrap your-email\"><input type=\"email\" name=\"your-email\" value=\"\" size=\"40\" class=\"wpcf7-form-control wpcf7-text wpcf7-email wpcf7-validates-as-required wpcf7-validates-as-email\" aria-required=\"true\" aria-invalid=\"false\" \/><\/span> <\/label><\/p>\n<p><span class=\"wpcf7-form-control-wrap adatvedelem\"><span class=\"wpcf7-form-control wpcf7-acceptance\"><span class=\"wpcf7-list-item\"><label><input type=\"checkbox\" name=\"adatvedelem\" value=\"1\" aria-invalid=\"false\" \/><span class=\"wpcf7-list-item-label\">Az <a href=\"\/adatvedelmi\/2026.pdf\">adatkezel\u00e9si t\u00e1j\u00e9koztat\u00f3t<\/a> elolvastam, annak tartalm\u00e1t elfogadom.<\/span><\/label><\/span><\/span><\/span><\/p>\n<p><input type=\"hidden\" name=\"wpadcf7sl_remaining\" value=\"0\">\n<input type=\"hidden\" name=\"wpadcf7sl_after_submission\" value=\"\">\n<input type=\"hidden\" name=\"wpadcf7sl_reload_delay\" value=\"\">\n<input type=\"hidden\" name=\"wpadcf7sl_redirect_page\" value=\"\">\n<span class=\"wpcf7-form-control-wrap formid:5604\">\n\t\t\tYou cannot submit this form. Because form submission limit over.\t<\/span> <\/p>\n<p><input type=\"submit\" value=\"Jelentkezem!\" class=\"wpcf7-form-control wpcf7-submit\" \/><\/p>\n<div class=\"wpcf7-response-output\" aria-hidden=\"true\"><\/div><\/form><\/div><\/div>\n\n\n\n<figure class=\"wp-block-image size-large is-resized\"><img loading=\"lazy\" src=\"http:\/\/szakmaihet.etszk.u-szeged.hu\/wp-content\/uploads\/2026\/03\/Nemzeti_Tehetseg_Program.jpg\" alt=\"\" class=\"wp-image-5283\" width=\"353\" height=\"126\" srcset=\"https:\/\/szakmaihet.etszk.u-szeged.hu\/wp-content\/uploads\/2026\/03\/Nemzeti_Tehetseg_Program.jpg 599w, https:\/\/szakmaihet.etszk.u-szeged.hu\/wp-content\/uploads\/2026\/03\/Nemzeti_Tehetseg_Program-300x107.jpg 300w, https:\/\/szakmaihet.etszk.u-szeged.hu\/wp-content\/uploads\/2026\/03\/Nemzeti_Tehetseg_Program-168x60.jpg 168w\" sizes=\"(max-width: 353px) 100vw, 353px\" \/><\/figure>\n\n\n\n<figure class=\"wp-block-image size-large is-resized\"><img loading=\"lazy\" src=\"http:\/\/szakmaihet.etszk.u-szeged.hu\/wp-content\/uploads\/2026\/03\/Kulturalis_es_Innovacios_Miniszterium.png\" alt=\"\" class=\"wp-image-5284\" width=\"347\" height=\"101\" srcset=\"https:\/\/szakmaihet.etszk.u-szeged.hu\/wp-content\/uploads\/2026\/03\/Kulturalis_es_Innovacios_Miniszterium.png 597w, https:\/\/szakmaihet.etszk.u-szeged.hu\/wp-content\/uploads\/2026\/03\/Kulturalis_es_Innovacios_Miniszterium-300x87.png 300w, https:\/\/szakmaihet.etszk.u-szeged.hu\/wp-content\/uploads\/2026\/03\/Kulturalis_es_Innovacios_Miniszterium-206x60.png 206w\" sizes=\"(max-width: 347px) 100vw, 347px\" \/><\/figure>\n","protected":false},"excerpt":{"rendered":"<p>Az abortusz megengedhet\u0151s\u00e9ge \u00e9s az ember mor\u00e1lis st\u00e1tusza r\u00e9g\u00f3ta k\u00f6zponti k\u00e9rd\u00e9s az orvosi etik\u00e1ban, mik\u00f6zben a nemzetk\u00f6zi diskurzus ma m\u00e1r egyre ink\u00e1bb az \u00faj reprodukci\u00f3s technol\u00f3gi\u00e1k dilemm\u00e1ira f\u00f3kusz\u00e1l. Magyarorsz\u00e1gon azonban &hellip; <\/p>\n","protected":false},"author":1,"featured_media":0,"parent":0,"menu_order":0,"comment_status":"closed","ping_status":"closed","template":"","meta":[],"_links":{"self":[{"href":"https:\/\/szakmaihet.etszk.u-szeged.hu\/index.php\/wp-json\/wp\/v2\/pages\/5594"}],"collection":[{"href":"https:\/\/szakmaihet.etszk.u-szeged.hu\/index.php\/wp-json\/wp\/v2\/pages"}],"about":[{"href":"https:\/\/szakmaihet.etszk.u-szeged.hu\/index.php\/wp-json\/wp\/v2\/types\/page"}],"author":[{"embeddable":true,"href":"https:\/\/szakmaihet.etszk.u-szeged.hu\/index.php\/wp-json\/wp\/v2\/users\/1"}],"replies":[{"embeddable":true,"href":"https:\/\/szakmaihet.etszk.u-szeged.hu\/index.php\/wp-json\/wp\/v2\/comments?post=5594"}],"version-history":[{"count":4,"href":"https:\/\/szakmaihet.etszk.u-szeged.hu\/index.php\/wp-json\/wp\/v2\/pages\/5594\/revisions"}],"predecessor-version":[{"id":5696,"href":"https:\/\/szakmaihet.etszk.u-szeged.hu\/index.php\/wp-json\/wp\/v2\/pages\/5594\/revisions\/5696"}],"wp:attachment":[{"href":"https:\/\/szakmaihet.etszk.u-szeged.hu\/index.php\/wp-json\/wp\/v2\/media?parent=5594"}],"curies":[{"name":"wp","href":"https:\/\/api.w.org\/{rel}","templated":true}]}}