{"id":5357,"date":"2026-03-09T11:06:22","date_gmt":"2026-03-09T11:06:22","guid":{"rendered":"https:\/\/szakmaihet.etszk.u-szeged.hu\/?page_id=5357"},"modified":"2026-03-23T09:19:46","modified_gmt":"2026-03-23T09:19:46","slug":"malyvavirag-alapitvany-bemutatkozasa","status":"publish","type":"page","link":"https:\/\/szakmaihet.etszk.u-szeged.hu\/index.php\/malyvavirag-alapitvany-bemutatkozasa\/","title":{"rendered":"M\u00e1lyvavir\u00e1g Alap\u00edtv\u00e1ny bemutatkoz\u00e1sa"},"content":{"rendered":"\n<p>A M\u00e1lyvavir\u00e1g Alap\u00edtv\u00e1ny \u201ea m\u00e9hnyakr\u00e1kos n\u0151k gy\u00f3gyul\u00e1s\u00e1\u00e9rt \u00e9s a megel\u0151z\u00e9s\u00e9rt\u201d, 2013 m\u00e1jus\u00e1ban alakult meg. A l\u00e9trehoz\u00e1s oka az volt, hogy legyen egy olyan szervezet Magyarorsz\u00e1gon, amely kifejezetten m\u00e9hnyakr\u00e1k-megel\u0151z\u00e9ssel \u00e9s rehabilit\u00e1ci\u00f3val foglalkozik. Kor\u00e1bban nem volt ilyen, pedig nagy sz\u00fcks\u00e9ge van az orsz\u00e1gnak r\u00e1. Ma m\u00e1r dolgozunk a n\u0151gy\u00f3gy\u00e1szati daganattal \u00e9rintettek seg\u00edt\u00e9s\u00e9\u00e9rt is.<\/p>\n\n\n\n<p>T\u00f3th Ic\u00f3, 36 \u00e9ves n\u0151, \u00e9desanya \u00e9s feles\u00e9g. 2011-ben m\u00e9hnyakr\u00e1kon, Wertheim- m\u0171t\u00e9ten, sug\u00e1r- \u00e9s kemoter\u00e1pi\u00e1n esett \u00e1t. Az \u0151 betegs\u00e9g\u00e9nek \u00fatj\u00e1b\u00f3l sz\u00fcletett a \u201eMinden anyuka meggy\u00f3gyul\u201d c\u00edm\u0171 \u00edr\u00e1s, a Libellus, amely a kiindul\u00e1si pontot adta az Alap\u00edtv\u00e1ny megval\u00f3s\u00edt\u00e1s\u00e1ra. A Libellus egy seg\u00e9dlet m\u00e9hnyakr\u00e1kosoknak, mind testi, mind lelki \u00fat a meggy\u00f3gyul\u00e1s fel\u00e9. \u201eA k\u00f6nyv meg\u00edr\u00e1sa ut\u00e1n szerettem volna csatlakozni a m\u00e9hnyakr\u00e1k megel\u0151z\u00e9si programhoz \u00f6nk\u00e9ntesk\u00e9nt, de nem tal\u00e1ltam olyan szervezetet, ami csak \u00e9s kiz\u00e1r\u00f3lag ezzel foglalkozott volna. Akkor igaz\u00e1n megd\u00f6bbentem. Mennyi \u00e9desanya, leend\u0151 \u00e9desanya hal meg ebben az orsz\u00e1gban, mennyi n\u0151 betegszik meg, magamat bele\u00e9rtve, egy olyan r\u00e1kban, amir\u0151l egyfel\u0151l semmit sem tudunk -pedig a daganatos betegs\u00e9gek k\u00f6z\u00fcl a m\u00e1sodik leggyakoribb hal\u00e1loz\u00e1si ok a 30-50 \u00e9ves n\u0151k k\u00f6r\u00e9ben-, m\u00e1sfel\u0151l, egy olyan betegs\u00e9gr\u0151l van sz\u00f3, ami megel\u0151zhet\u0151! Nem szabadna egy n\u0151nek sem ma Magyarorsz\u00e1gon megbetegednie, f\u0151leg meghalnia ebben a betegs\u00e9gben!<\/p>\n\n\n\n<p>El\u0151ad\u00f3: T\u00f3th Ic\u00f3<\/p>\n\n\n\n<p>Id\u0151pont: 2026. \u00e1prilis 14. kedd, 12:00-14:00 Helysz\u00edn: 6726 Szeged, Temesv\u00e1ri krt. 31. ETSZK \u201eA\u201d \u00e9p\u00fclet, 232.. terem<\/p>\n","protected":false},"excerpt":{"rendered":"<p>A M\u00e1lyvavir\u00e1g Alap\u00edtv\u00e1ny \u201ea m\u00e9hnyakr\u00e1kos n\u0151k gy\u00f3gyul\u00e1s\u00e1\u00e9rt \u00e9s a megel\u0151z\u00e9s\u00e9rt\u201d, 2013 m\u00e1jus\u00e1ban alakult meg. A l\u00e9trehoz\u00e1s oka az volt, hogy legyen egy olyan szervezet Magyarorsz\u00e1gon, amely kifejezetten m\u00e9hnyakr\u00e1k-megel\u0151z\u00e9ssel \u00e9s rehabilit\u00e1ci\u00f3val &hellip; <\/p>\n","protected":false},"author":1,"featured_media":0,"parent":0,"menu_order":0,"comment_status":"closed","ping_status":"closed","template":"","meta":[],"_links":{"self":[{"href":"https:\/\/szakmaihet.etszk.u-szeged.hu\/index.php\/wp-json\/wp\/v2\/pages\/5357"}],"collection":[{"href":"https:\/\/szakmaihet.etszk.u-szeged.hu\/index.php\/wp-json\/wp\/v2\/pages"}],"about":[{"href":"https:\/\/szakmaihet.etszk.u-szeged.hu\/index.php\/wp-json\/wp\/v2\/types\/page"}],"author":[{"embeddable":true,"href":"https:\/\/szakmaihet.etszk.u-szeged.hu\/index.php\/wp-json\/wp\/v2\/users\/1"}],"replies":[{"embeddable":true,"href":"https:\/\/szakmaihet.etszk.u-szeged.hu\/index.php\/wp-json\/wp\/v2\/comments?post=5357"}],"version-history":[{"count":3,"href":"https:\/\/szakmaihet.etszk.u-szeged.hu\/index.php\/wp-json\/wp\/v2\/pages\/5357\/revisions"}],"predecessor-version":[{"id":5612,"href":"https:\/\/szakmaihet.etszk.u-szeged.hu\/index.php\/wp-json\/wp\/v2\/pages\/5357\/revisions\/5612"}],"wp:attachment":[{"href":"https:\/\/szakmaihet.etszk.u-szeged.hu\/index.php\/wp-json\/wp\/v2\/media?parent=5357"}],"curies":[{"name":"wp","href":"https:\/\/api.w.org\/{rel}","templated":true}]}}